{"id":2446,"date":"2022-11-24T09:05:57","date_gmt":"2022-11-24T15:05:57","guid":{"rendered":"http:\/\/www.webservicesgt.com\/?page_id=2446"},"modified":"2023-01-28T12:09:49","modified_gmt":"2023-01-28T18:09:49","slug":"aurora-lopez","status":"publish","type":"page","link":"https:\/\/mariolopezestrada.org\/en\/aurora-lopez\/","title":{"rendered":"Aurora L\u00f3pez"},"content":{"rendered":"\t\t<div data-elementor-type=\"wp-page\" data-elementor-id=\"2446\" class=\"elementor elementor-2446 elementor-2445\" data-elementor-post-type=\"page\">\n\t\t\t\t\t\t<section class=\"elementor-section elementor-top-section elementor-element elementor-element-3e5612e elementor-section-boxed elementor-section-height-default elementor-section-height-default\" data-id=\"3e5612e\" data-element_type=\"section\" id=\"our-team\" data-settings=\"{&quot;jet_parallax_layout_list&quot;:[]}\">\n\t\t\t\t\t\t<div class=\"elementor-container elementor-column-gap-no\">\n\t\t\t\t\t<div class=\"elementor-column elementor-col-100 elementor-top-column elementor-element elementor-element-1b25883\" data-id=\"1b25883\" data-element_type=\"column\">\n\t\t\t<div class=\"elementor-widget-wrap elementor-element-populated\">\n\t\t\t\t\t\t<section class=\"elementor-section elementor-inner-section elementor-element elementor-element-70d81a3 elementor-section-boxed elementor-section-height-default elementor-section-height-default\" data-id=\"70d81a3\" data-element_type=\"section\" data-settings=\"{&quot;jet_parallax_layout_list&quot;:[]}\">\n\t\t\t\t\t\t<div class=\"elementor-container elementor-column-gap-default\">\n\t\t\t\t\t<div class=\"elementor-column elementor-col-50 elementor-inner-column elementor-element elementor-element-1d731b7\" data-id=\"1d731b7\" data-element_type=\"column\">\n\t\t\t<div class=\"elementor-widget-wrap elementor-element-populated\">\n\t\t\t\t\t\t<div class=\"elementor-element elementor-element-2313382 elementor-widget elementor-widget-image\" data-id=\"2313382\" data-element_type=\"widget\" data-widget_type=\"image.default\">\n\t\t\t\t<div class=\"elementor-widget-container\">\n\t\t\t\t\t\t\t\t\t\t\t\t\t\t\t<img fetchpriority=\"high\" decoding=\"async\" width=\"800\" height=\"534\" src=\"https:\/\/mariolopezestrada.org\/wp-content\/uploads\/2023\/01\/Aurora-Horizontal.jpg\" class=\"attachment-large size-large wp-image-2574\" alt=\"\" srcset=\"https:\/\/mariolopezestrada.org\/wp-content\/uploads\/2023\/01\/Aurora-Horizontal.jpg 1024w, https:\/\/mariolopezestrada.org\/wp-content\/uploads\/2023\/01\/Aurora-Horizontal-300x200.jpg 300w, https:\/\/mariolopezestrada.org\/wp-content\/uploads\/2023\/01\/Aurora-Horizontal-768x512.jpg 768w\" sizes=\"(max-width: 800px) 100vw, 800px\" \/>\t\t\t\t\t\t\t\t\t\t\t\t\t\t\t<\/div>\n\t\t\t\t<\/div>\n\t\t\t\t\t<\/div>\n\t\t<\/div>\n\t\t\t\t<div class=\"elementor-column elementor-col-50 elementor-inner-column elementor-element elementor-element-d823236\" data-id=\"d823236\" data-element_type=\"column\">\n\t\t\t<div class=\"elementor-widget-wrap elementor-element-populated\">\n\t\t\t\t\t\t<div class=\"elementor-element elementor-element-e104bb8 elementor-widget elementor-widget-heading\" data-id=\"e104bb8\" data-element_type=\"widget\" data-widget_type=\"heading.default\">\n\t\t\t\t<div class=\"elementor-widget-container\">\n\t\t\t\t\t<h1 class=\"elementor-heading-title elementor-size-default\">Aurora L\u00f3pez<\/h1>\t\t\t\t<\/div>\n\t\t\t\t<\/div>\n\t\t\t\t\t<\/div>\n\t\t<\/div>\n\t\t\t\t\t<\/div>\n\t\t<\/section>\n\t\t\t\t<section class=\"elementor-section elementor-inner-section elementor-element elementor-element-4582fd6 elementor-section-boxed elementor-section-height-default elementor-section-height-default\" data-id=\"4582fd6\" data-element_type=\"section\" data-settings=\"{&quot;jet_parallax_layout_list&quot;:[]}\">\n\t\t\t\t\t\t<div class=\"elementor-container elementor-column-gap-default\">\n\t\t\t\t\t<div class=\"elementor-column elementor-col-100 elementor-inner-column elementor-element elementor-element-6ccfcaa\" data-id=\"6ccfcaa\" data-element_type=\"column\">\n\t\t\t<div class=\"elementor-widget-wrap elementor-element-populated\">\n\t\t\t\t\t\t<div class=\"elementor-element elementor-element-930ed77 elementor-widget elementor-widget-text-editor\" data-id=\"930ed77\" data-element_type=\"widget\" data-widget_type=\"text-editor.default\">\n\t\t\t\t<div class=\"elementor-widget-container\">\n\t\t\t\t\t\t\t\t\t<p>Aurora L\u00f3pez was born in 1987, she is a Guatemalan who graduated with a BA in economics from Duke University. and also holds a certificate in marketing and management as well as a minor in photography from Duke University itself. She holds a certificate in film production from the New York Film Academy. She speaks English, Spanish, French and German.<\/p>\n<p>Aurora L\u00f3pez\u00b4s father founded Grupo Onyx in 1967, one of the most important business groups in the country and focuses on direct investments, renewable energy generation, consumer product distribution, digital services and commercial and industrial real estate developments in Guatemala and Paraguay.<\/p>\n<p>Aurora L\u00f3pez has worked in the investment committee of the business group, in defining the investment policy, performance monitoring and investment approval. Within the framework of the board of directors, she has worked on the approval of the annual budget of the consortium, on the monthly monitoring of budget execution and on the monthly operational monitoring.<\/p>\n<p>Aurora L\u00f3pez actively participates in the foundations of the business group, which develop educational and health projects mainly aimed at vulnerable populations throughout the country.<\/p>\n<p>Aurora contributed to the creation of the Fundaci\u00f3n \u201cDesarrolla Guatemala\u201d in 2016, which provides advice and support in the mission of cultivating a dynamic and ethical research ecosystem to support development and impact initiatives that are based on evidence.<\/p>\n\t\t\t\t\t\t\t\t<\/div>\n\t\t\t\t<\/div>\n\t\t\t\t\t<\/div>\n\t\t<\/div>\n\t\t\t\t\t<\/div>\n\t\t<\/section>\n\t\t\t\t<section class=\"elementor-section elementor-inner-section elementor-element elementor-element-fda0410 elementor-section-boxed elementor-section-height-default elementor-section-height-default\" data-id=\"fda0410\" data-element_type=\"section\" data-settings=\"{&quot;jet_parallax_layout_list&quot;:[]}\">\n\t\t\t\t\t\t<div class=\"elementor-container elementor-column-gap-default\">\n\t\t\t\t\t<div class=\"elementor-column elementor-col-100 elementor-inner-column elementor-element elementor-element-25cf3f8\" data-id=\"25cf3f8\" data-element_type=\"column\">\n\t\t\t<div class=\"elementor-widget-wrap elementor-element-populated\">\n\t\t\t\t\t\t<div class=\"elementor-element elementor-element-ae975f4 elementor-widget elementor-widget-text-editor\" data-id=\"ae975f4\" data-element_type=\"widget\" data-widget_type=\"text-editor.default\">\n\t\t\t\t<div class=\"elementor-widget-container\">\n\t\t\t\t\t\t\t\t\t<p>Aurora is an Ambassador to Guatemala for the David Lynch Foundation, which contributes to the creation of infrastructure for teachers of transcendental meditation in Guatemala, as well as runs a pilot program of teaching transcendental meditation in public schools.<\/p>\n<p>Aurora was the first representative and coordinator in Guatemala of the Mental Health Research, RedeAmericas, a regional network funded by the National Institute of Mental Health of the United States government, for mental health research in Latin America. Aurora was responsible for conceptualizing and executing a survey group on the knowledge of Mayan models of mental health in Tecp\u00e1n, Guatemala.<\/p>\n<p>She also organized a forum with researchers from Latin America and the United States, which was held in Tecp\u00e1n. Aurora also presented the mental health situation in Guatemala at the World Health Organization in Peru. Aurora was also selected to make a presentation at the 5th World Congress of Cultural Psychiatry held at the Mailman School of Public Health of Columbia University.<\/p>\n\t\t\t\t\t\t\t\t<\/div>\n\t\t\t\t<\/div>\n\t\t\t\t\t<\/div>\n\t\t<\/div>\n\t\t\t\t\t<\/div>\n\t\t<\/section>\n\t\t\t\t<section class=\"elementor-section elementor-inner-section elementor-element elementor-element-e2c2d91 elementor-section-boxed elementor-section-height-default elementor-section-height-default\" data-id=\"e2c2d91\" data-element_type=\"section\" data-settings=\"{&quot;jet_parallax_layout_list&quot;:[]}\">\n\t\t\t\t\t\t<div class=\"elementor-container elementor-column-gap-default\">\n\t\t\t\t\t<div class=\"elementor-column elementor-col-100 elementor-inner-column elementor-element elementor-element-1fc27a2\" data-id=\"1fc27a2\" data-element_type=\"column\">\n\t\t\t<div class=\"elementor-widget-wrap elementor-element-populated\">\n\t\t\t\t\t\t<div class=\"elementor-element elementor-element-4adcc67 elementor-widget elementor-widget-text-editor\" data-id=\"4adcc67\" data-element_type=\"widget\" data-widget_type=\"text-editor.default\">\n\t\t\t\t<div class=\"elementor-widget-container\">\n\t\t\t\t\t\t\t\t\t<p>In 2014, she founded the Mirador Store in New York, a clothing and accessories store in Greenwich Village, NY.<\/p>\n<p>In 2011, she was Deputy Vice President of Credit Suisse Private Banking in New York, where, among others, she was responsible for managing the external managers platform for the Latin American division. She was part of the team that supported the due diligence of all managers within the platform and was an absolute and comparative performance analyst for all managers. She assisted financial advisors in building platforms for clients in the High Net Worth segment, adjusted to liquidity, return and risk needs. And she was responsible for automating the MPI reporting tool.<\/p><\/p>\n\t\t\t\t\t\t\t\t<\/div>\n\t\t\t\t<\/div>\n\t\t\t\t\t<\/div>\n\t\t<\/div>\n\t\t\t\t\t<\/div>\n\t\t<\/section>\n\t\t\t\t\t<\/div>\n\t\t<\/div>\n\t\t\t\t\t<\/div>\n\t\t<\/section>\n\t\t\t\t<section class=\"elementor-section elementor-top-section elementor-element elementor-element-b083d5a elementor-section-boxed elementor-section-height-default elementor-section-height-default\" data-id=\"b083d5a\" data-element_type=\"section\" id=\"Founders-Members\" data-settings=\"{&quot;jet_parallax_layout_list&quot;:[],&quot;background_background&quot;:&quot;classic&quot;}\">\n\t\t\t\t\t\t<div class=\"elementor-container elementor-column-gap-no\">\n\t\t\t\t\t<section class=\"elementor-column elementor-col-100 elementor-top-column elementor-element elementor-element-453119b\" data-id=\"453119b\" data-element_type=\"column\">\n\t\t\t<div class=\"elementor-widget-wrap elementor-element-populated\">\n\t\t\t\t\t\t<div class=\"elementor-element elementor-element-29bf47b elementor-widget elementor-widget-heading\" data-id=\"29bf47b\" data-element_type=\"widget\" data-widget_type=\"heading.default\">\n\t\t\t\t<div class=\"elementor-widget-container\">\n\t\t\t\t\t<h2 class=\"elementor-heading-title elementor-size-default\">Miembros Fundadores<\/h2>\t\t\t\t<\/div>\n\t\t\t\t<\/div>\n\t\t\t\t<section class=\"elementor-section elementor-inner-section elementor-element elementor-element-b7fe0db people-block elementor-section-boxed elementor-section-height-default elementor-section-height-default\" data-id=\"b7fe0db\" data-element_type=\"section\" data-settings=\"{&quot;jet_parallax_layout_list&quot;:[]}\">\n\t\t\t\t\t\t<div class=\"elementor-container elementor-column-gap-default\">\n\t\t\t\t\t<div class=\"elementor-column elementor-col-100 elementor-inner-column elementor-element elementor-element-fa2a90c\" data-id=\"fa2a90c\" data-element_type=\"column\">\n\t\t\t<div class=\"elementor-widget-wrap elementor-element-populated\">\n\t\t\t\t\t\t<div class=\"elementor-element elementor-element-d6b7333 elementor-widget elementor-widget-image\" data-id=\"d6b7333\" data-element_type=\"widget\" data-widget_type=\"image.default\">\n\t\t\t\t<div class=\"elementor-widget-container\">\n\t\t\t\t\t\t\t\t\t\t\t\t\t\t\t<img decoding=\"async\" src=\"https:\/\/onyx.royalestudios.com\/wp-content\/uploads\/2022\/05\/mario-lopez-estrada-presidente-tigo-guatemala-4.jpg\" title=\"\" alt=\"\" loading=\"lazy\" \/>\t\t\t\t\t\t\t\t\t\t\t\t\t\t\t<\/div>\n\t\t\t\t<\/div>\n\t\t\t\t<div class=\"elementor-element elementor-element-da1fafe elementor-widget elementor-widget-heading\" data-id=\"da1fafe\" data-element_type=\"widget\" data-widget_type=\"heading.default\">\n\t\t\t\t<div class=\"elementor-widget-container\">\n\t\t\t\t\t<h2 class=\"elementor-heading-title elementor-size-default\"><a href=\"#MarioLopez1\">Mario L\u00f3pez Estrada<\/a><\/h2>\t\t\t\t<\/div>\n\t\t\t\t<\/div>\n\t\t\t\t<div class=\"elementor-element elementor-element-f5ec13f elementor-widget elementor-widget-text-editor\" data-id=\"f5ec13f\" data-element_type=\"widget\" data-widget_type=\"text-editor.default\">\n\t\t\t\t<div class=\"elementor-widget-container\">\n\t\t\t\t\t\t\t\t\t<p>El Sr. L\u00f3pez inici\u00f3 sus actividades empresariales con la constructora Constructora Maya en 1972, la cual se especializ\u00f3 en bienes ra\u00edces, desarrollo de suelo, edificios de oficinas, contrataci\u00f3n vial y centros comerciales.&nbsp;<\/p>\n\t\t\t\t\t\t\t\t<\/div>\n\t\t\t\t<\/div>\n\t\t\t\t\t<\/div>\n\t\t<\/div>\n\t\t\t\t\t<\/div>\n\t\t<\/section>\n\t\t\t\t<section class=\"elementor-section elementor-inner-section elementor-element elementor-element-08c2cc4 people-block elementor-section-boxed elementor-section-height-default elementor-section-height-default\" data-id=\"08c2cc4\" data-element_type=\"section\" data-settings=\"{&quot;jet_parallax_layout_list&quot;:[]}\">\n\t\t\t\t\t\t<div class=\"elementor-container elementor-column-gap-default\">\n\t\t\t\t\t<div class=\"elementor-column elementor-col-100 elementor-inner-column elementor-element elementor-element-f312dc1\" data-id=\"f312dc1\" data-element_type=\"column\">\n\t\t\t<div class=\"elementor-widget-wrap elementor-element-populated\">\n\t\t\t\t\t\t<div class=\"elementor-element elementor-element-7432cd1 elementor-widget elementor-widget-image\" data-id=\"7432cd1\" data-element_type=\"widget\" data-widget_type=\"image.default\">\n\t\t\t\t<div class=\"elementor-widget-container\">\n\t\t\t\t\t\t\t\t\t\t\t\t\t\t\t<img decoding=\"async\" width=\"768\" height=\"512\" src=\"https:\/\/mariolopezestrada.org\/wp-content\/uploads\/2022\/05\/46874663-cb31-4d25-ac3c-ae91640c4c52-768x512.jpg\" class=\"attachment-medium_large size-medium_large wp-image-963\" alt=\"\" srcset=\"https:\/\/mariolopezestrada.org\/wp-content\/uploads\/2022\/05\/46874663-cb31-4d25-ac3c-ae91640c4c52-768x512.jpg 768w, https:\/\/mariolopezestrada.org\/wp-content\/uploads\/2022\/05\/46874663-cb31-4d25-ac3c-ae91640c4c52-300x200.jpg 300w, https:\/\/mariolopezestrada.org\/wp-content\/uploads\/2022\/05\/46874663-cb31-4d25-ac3c-ae91640c4c52.jpg 1024w\" sizes=\"(max-width: 768px) 100vw, 768px\" \/>\t\t\t\t\t\t\t\t\t\t\t\t\t\t\t<\/div>\n\t\t\t\t<\/div>\n\t\t\t\t<div class=\"elementor-element elementor-element-14f6f52 elementor-widget elementor-widget-heading\" data-id=\"14f6f52\" data-element_type=\"widget\" data-widget_type=\"heading.default\">\n\t\t\t\t<div class=\"elementor-widget-container\">\n\t\t\t\t\t<h2 class=\"elementor-heading-title elementor-size-default\"><a href=\"#MLP1\">Mario L\u00f3pez Per\u00e9z<\/a><\/h2>\t\t\t\t<\/div>\n\t\t\t\t<\/div>\n\t\t\t\t<div class=\"elementor-element elementor-element-6f29861 elementor-widget elementor-widget-text-editor\" data-id=\"6f29861\" data-element_type=\"widget\" data-widget_type=\"text-editor.default\">\n\t\t\t\t<div class=\"elementor-widget-container\">\n\t\t\t\t\t\t\t\t\t<p><span style=\"font-weight: 400;\">Mario L\u00f3pez P\u00e9rez es un empresario y fil\u00e1ntropo guatemalteco de cincuenta y dos a\u00f1os que complet\u00f3 su licenciatura en Ingenier\u00eda Civil en la Universidad del Valle en Guatemala. <\/span><\/p>\n\t\t\t\t\t\t\t\t<\/div>\n\t\t\t\t<\/div>\n\t\t\t\t\t<\/div>\n\t\t<\/div>\n\t\t\t\t\t<\/div>\n\t\t<\/section>\n\t\t\t\t<section class=\"elementor-section elementor-inner-section elementor-element elementor-element-0b9a24e people-block elementor-section-boxed elementor-section-height-default elementor-section-height-default\" data-id=\"0b9a24e\" data-element_type=\"section\" data-settings=\"{&quot;jet_parallax_layout_list&quot;:[]}\">\n\t\t\t\t\t\t<div class=\"elementor-container elementor-column-gap-default\">\n\t\t\t\t\t<div class=\"elementor-column elementor-col-100 elementor-inner-column elementor-element elementor-element-c16b594\" data-id=\"c16b594\" data-element_type=\"column\">\n\t\t\t<div class=\"elementor-widget-wrap elementor-element-populated\">\n\t\t\t\t\t\t<div class=\"elementor-element elementor-element-b3af68f elementor-widget elementor-widget-image\" data-id=\"b3af68f\" data-element_type=\"widget\" data-widget_type=\"image.default\">\n\t\t\t\t<div class=\"elementor-widget-container\">\n\t\t\t\t\t\t\t\t\t\t\t\t\t\t\t<img decoding=\"async\" width=\"753\" height=\"611\" src=\"https:\/\/mariolopezestrada.org\/wp-content\/uploads\/2022\/06\/Lara-provisional.png\" class=\"attachment-large size-large wp-image-1117\" alt=\"\" srcset=\"https:\/\/mariolopezestrada.org\/wp-content\/uploads\/2022\/06\/Lara-provisional.png 753w, https:\/\/mariolopezestrada.org\/wp-content\/uploads\/2022\/06\/Lara-provisional-300x243.png 300w\" sizes=\"(max-width: 753px) 100vw, 753px\" \/>\t\t\t\t\t\t\t\t\t\t\t\t\t\t\t<\/div>\n\t\t\t\t<\/div>\n\t\t\t\t<div class=\"elementor-element elementor-element-850b21e elementor-widget elementor-widget-heading\" data-id=\"850b21e\" data-element_type=\"widget\" data-widget_type=\"heading.default\">\n\t\t\t\t<div class=\"elementor-widget-container\">\n\t\t\t\t\t<h2 class=\"elementor-heading-title elementor-size-default\"><a href=\"#MLL1\">Mariana L\u00f3pez de Lara<\/a><\/h2>\t\t\t\t<\/div>\n\t\t\t\t<\/div>\n\t\t\t\t<div class=\"elementor-element elementor-element-52c674c elementor-widget elementor-widget-text-editor\" data-id=\"52c674c\" data-element_type=\"widget\" data-widget_type=\"text-editor.default\">\n\t\t\t\t<div class=\"elementor-widget-container\">\n\t\t\t\t\t\t\t\t\t<p><span style=\"text-align: center;\">Mariana L\u00f3pez de Lara se gradu\u00f3 Magna Cum Laude de la Universidad Francisco Marroqu\u00edn de Guatemala, donde obtuvo dos licenciaturas, una en Econom\u00eda y otra en Administraci\u00f3n de Empresas.<\/span><\/p>\n\t\t\t\t\t\t\t\t<\/div>\n\t\t\t\t<\/div>\n\t\t\t\t\t<\/div>\n\t\t<\/div>\n\t\t\t\t\t<\/div>\n\t\t<\/section>\n\t\t\t\t<section class=\"elementor-section elementor-inner-section elementor-element elementor-element-801ecaa people-block elementor-section-boxed elementor-section-height-default elementor-section-height-default\" data-id=\"801ecaa\" data-element_type=\"section\" data-settings=\"{&quot;jet_parallax_layout_list&quot;:[]}\">\n\t\t\t\t\t\t<div class=\"elementor-container elementor-column-gap-default\">\n\t\t\t\t\t<div class=\"elementor-column elementor-col-100 elementor-inner-column elementor-element elementor-element-e27a166\" data-id=\"e27a166\" data-element_type=\"column\">\n\t\t\t<div class=\"elementor-widget-wrap elementor-element-populated\">\n\t\t\t\t\t\t<div class=\"elementor-element elementor-element-ff78ab3 elementor-widget elementor-widget-image\" data-id=\"ff78ab3\" data-element_type=\"widget\" data-widget_type=\"image.default\">\n\t\t\t\t<div class=\"elementor-widget-container\">\n\t\t\t\t\t\t\t\t\t\t\t\t\t\t\t<img loading=\"lazy\" decoding=\"async\" width=\"557\" height=\"417\" src=\"https:\/\/mariolopezestrada.org\/wp-content\/uploads\/2022\/06\/Gabriela-Lara-provisional.png\" class=\"attachment-large size-large wp-image-1120\" alt=\"\" srcset=\"https:\/\/mariolopezestrada.org\/wp-content\/uploads\/2022\/06\/Gabriela-Lara-provisional.png 557w, https:\/\/mariolopezestrada.org\/wp-content\/uploads\/2022\/06\/Gabriela-Lara-provisional-300x225.png 300w\" sizes=\"(max-width: 557px) 100vw, 557px\" \/>\t\t\t\t\t\t\t\t\t\t\t\t\t\t\t<\/div>\n\t\t\t\t<\/div>\n\t\t\t\t<div class=\"elementor-element elementor-element-393ad84 elementor-widget elementor-widget-heading\" data-id=\"393ad84\" data-element_type=\"widget\" data-widget_type=\"heading.default\">\n\t\t\t\t<div class=\"elementor-widget-container\">\n\t\t\t\t\t<h2 class=\"elementor-heading-title elementor-size-default\"><a href=\"#GLP1\">Gabriela L\u00f3pez P\u00e9rez<\/a><\/h2>\t\t\t\t<\/div>\n\t\t\t\t<\/div>\n\t\t\t\t<div class=\"elementor-element elementor-element-6446714 elementor-widget elementor-widget-text-editor\" data-id=\"6446714\" data-element_type=\"widget\" data-widget_type=\"text-editor.default\">\n\t\t\t\t<div class=\"elementor-widget-container\">\n\t\t\t\t\t\t\t\t\t<p><span style=\"text-align: justify;\">Gabriela L\u00f3pez es miembro de la Junta Directiva de Grupo Onyx, un consorcio de empresas guatemaltecas que tiene sus or\u00edgenes en 1967, cuando su padre, Mario L\u00f3pez Estrada, inici\u00f3 las operaciones del grupo construyendo viviendas populares y caminos.<\/span><\/p>\n\t\t\t\t\t\t\t\t<\/div>\n\t\t\t\t<\/div>\n\t\t\t\t\t<\/div>\n\t\t<\/div>\n\t\t\t\t\t<\/div>\n\t\t<\/section>\n\t\t\t\t<section class=\"elementor-section elementor-inner-section elementor-element elementor-element-01042bd people-block elementor-section-boxed elementor-section-height-default elementor-section-height-default\" data-id=\"01042bd\" data-element_type=\"section\" data-settings=\"{&quot;jet_parallax_layout_list&quot;:[]}\">\n\t\t\t\t\t\t<div class=\"elementor-container elementor-column-gap-default\">\n\t\t\t\t\t<div class=\"elementor-column elementor-col-100 elementor-inner-column elementor-element elementor-element-0f140e8\" data-id=\"0f140e8\" data-element_type=\"column\">\n\t\t\t<div class=\"elementor-widget-wrap elementor-element-populated\">\n\t\t\t\t\t\t<div class=\"elementor-element elementor-element-71f5baf elementor-widget elementor-widget-image\" data-id=\"71f5baf\" data-element_type=\"widget\" data-widget_type=\"image.default\">\n\t\t\t\t<div class=\"elementor-widget-container\">\n\t\t\t\t\t\t\t\t\t\t\t\t\t\t\t<img loading=\"lazy\" decoding=\"async\" width=\"703\" height=\"537\" src=\"https:\/\/mariolopezestrada.org\/wp-content\/uploads\/2022\/06\/Bosch-provisional.png\" class=\"attachment-large size-large wp-image-1122\" alt=\"\" srcset=\"https:\/\/mariolopezestrada.org\/wp-content\/uploads\/2022\/06\/Bosch-provisional.png 703w, https:\/\/mariolopezestrada.org\/wp-content\/uploads\/2022\/06\/Bosch-provisional-300x229.png 300w\" sizes=\"(max-width: 703px) 100vw, 703px\" \/>\t\t\t\t\t\t\t\t\t\t\t\t\t\t\t<\/div>\n\t\t\t\t<\/div>\n\t\t\t\t<div class=\"elementor-element elementor-element-a6fc95b elementor-widget elementor-widget-heading\" data-id=\"a6fc95b\" data-element_type=\"widget\" data-widget_type=\"heading.default\">\n\t\t\t\t<div class=\"elementor-widget-container\">\n\t\t\t\t\t<h2 class=\"elementor-heading-title elementor-size-default\"><a href=\"#AMLB\">Ana Mar\u00eda P\u00e9rez Bosch de L\u00f3pez<\/a><\/h2>\t\t\t\t<\/div>\n\t\t\t\t<\/div>\n\t\t\t\t<div class=\"elementor-element elementor-element-a745a8e elementor-widget elementor-widget-text-editor\" data-id=\"a745a8e\" data-element_type=\"widget\" data-widget_type=\"text-editor.default\">\n\t\t\t\t<div class=\"elementor-widget-container\">\n\t\t\t\t\t\t\t\t\t<p>Ana Mar\u00eda P\u00e9rez Bosch de L\u00f3pez es miembro del Consejo de Administraci\u00f3n de Grupo Onyx, un consorcio de empresas dedicadas a la generaci\u00f3n de energ\u00eda renovable, distribuci\u00f3n de productos de consumo, servicios digitales y desarrollo inmobiliario comercial e industrial en Guatemala y Paraguay. <\/p>\n\t\t\t\t\t\t\t\t<\/div>\n\t\t\t\t<\/div>\n\t\t\t\t\t<\/div>\n\t\t<\/div>\n\t\t\t\t\t<\/div>\n\t\t<\/section>\n\t\t\t\t\t<\/div>\n\t\t<\/section>\n\t\t\t\t\t<\/div>\n\t\t<\/section>\n\t\t\t\t<\/div>\n\t\t","protected":false},"excerpt":{"rendered":"<p>Aurora L\u00f3pez Aurora L\u00f3pez was born in 1987, she is a Guatemalan who graduated with a BA in economics from Duke University. and also holds a certificate in marketing and management as well as a minor in photography from Duke University itself. She holds a certificate in film production from the New York Film Academy. [&hellip;]<\/p>\n","protected":false},"author":5,"featured_media":0,"parent":0,"menu_order":2,"comment_status":"closed","ping_status":"closed","template":"","meta":{"footnotes":""},"class_list":["post-2446","page","type-page","status-publish","hentry"],"_links":{"self":[{"href":"https:\/\/mariolopezestrada.org\/en\/wp-json\/wp\/v2\/pages\/2446","targetHints":{"allow":["GET"]}}],"collection":[{"href":"https:\/\/mariolopezestrada.org\/en\/wp-json\/wp\/v2\/pages"}],"about":[{"href":"https:\/\/mariolopezestrada.org\/en\/wp-json\/wp\/v2\/types\/page"}],"author":[{"embeddable":true,"href":"https:\/\/mariolopezestrada.org\/en\/wp-json\/wp\/v2\/users\/5"}],"replies":[{"embeddable":true,"href":"https:\/\/mariolopezestrada.org\/en\/wp-json\/wp\/v2\/comments?post=2446"}],"version-history":[{"count":6,"href":"https:\/\/mariolopezestrada.org\/en\/wp-json\/wp\/v2\/pages\/2446\/revisions"}],"predecessor-version":[{"id":2744,"href":"https:\/\/mariolopezestrada.org\/en\/wp-json\/wp\/v2\/pages\/2446\/revisions\/2744"}],"wp:attachment":[{"href":"https:\/\/mariolopezestrada.org\/en\/wp-json\/wp\/v2\/media?parent=2446"}],"curies":[{"name":"wp","href":"https:\/\/api.w.org\/{rel}","templated":true}]}}